{"id":3176,"date":"2022-06-28T07:54:22","date_gmt":"2022-06-28T05:54:22","guid":{"rendered":"https:\/\/lasmuns.com\/carta\/todos\/espinacas-emmental\/"},"modified":"2026-02-16T14:19:02","modified_gmt":"2026-02-16T13:19:02","slug":"espinacs-emmental","status":"publish","type":"productos","link":"https:\/\/lasmuns.com\/ca\/carta\/empanades-ca\/todos\/espinacs-emmental\/","title":{"rendered":"Espinacs Emmental\ufffc"},"content":{"rendered":"<!-- template bcblq-bullets-list-2col --><div class=\"bcblq bcblq-bullets-list-2col\" >\t<div class=\"container-fluid\" style=\"background-color:transparent\">\t\t<div class=\"container\" >\t\t\t<div class=\"row justify-content-center\">\t\t\t\t<div class=\"col-20\">\t\t\t\t\t<div class=\"bcblq-bullets-list-2col-title\">\t\t\t\t\t\t<h2 class=\"text-dark\">Al\u00b7l\u00e8rgens<\/h2>\t\t\t\t\t<\/div>\t\t\t\t<\/div>\t\t\t\t<div class=\"col-18 col-md-16 col-lg-14 bcblq-bullets-list-2col-list\">\t\t\t\t<div class=\"bcblq-bullets-list-2col-list-container border-dark\"><p class=\"text-dark border-dark\"><strong>Gluten i Llet.<\/strong><\/br> Productes fabricats en una planta on es manipulen: soja, llet, mostassa, ou, fruites amb closca, gluten, mol\u00b7luscs i peixos.<\/p>\n\t\t\t\t<\/div>\t\t\t\t<\/div>\t\t\t<\/div>\t\t<\/div>\t<\/div><\/div><!-- \/template bcblq-bullets-list-2col -->\n\n<!-- template --><div class=\"bcblq bcblq-full-image-text bcblq-opc--derecha\" ><div class=\"container-fluid\" style=\"background-image:url(https:\/\/lasmuns.com\/wp-content\/uploads\/2022\/06\/Property-1Espinaca-Emmental.png)\"><div class=\"row\"><div class=\"col\"><div class=\"bcblq-full-image-text-imagen\" ><div class=\"bcblq-full-image-text-caja\" style=\"background-color:#FFF;\"><h2 style=\"color:primary: Primario;\">El sabor de la inf\u00e0ncia.<\/h2><p style=\"color:primary: Primario;\">Fulles fresques d&#8217;espinacs, cebes daurades i una cremosa betxamel amb formatge emmental.<\/p><\/div><\/div><\/div><\/div><\/div><\/div><!-- \/template -->\n\n<!-- template bcblq-carrusel --><div class=\"bcblq bcblq-carrusel   contenedor__full-width usa-fondo\" ><div class=\"container-fluid\" style=\"background-color:#eae7e1\"><div class=\"row bcblq-carrusel-header\"><div class=\"col\"><div class=\"bcblq-half-image-text-titulo_decorativo\">ACOMPANYA<\/div><h2 class=\"bcblq-carrusel-titulo\">M\u00e9s opcions vegetals<\/h2><a href=\"\/carta\/empanadas\" class=\"bcblq-carrusel-etiqueta_ver_todos btn btn-flecha\">Veure-ho tot<span><svg version=\"1.1\" baseProfile=\"basic\" id=\"Layer_1\"\n\t xmlns=\"http:\/\/www.w3.org\/2000\/svg\" xmlns:xlink=\"http:\/\/www.w3.org\/1999\/xlink\" x=\"0px\" y=\"0px\" viewBox=\"0 0 11 22\"\n\t xml:space=\"preserve\">\n<path fill=\"#494240\" d=\"M1.7,21.9c-0.4,0-0.7-0.1-1-0.4C0,21-0.1,20,0.5,19.3L7.2,11L0.5,2.7C-0.1,2,0,1,0.7,0.4C1.4-0.1,2.4,0,3,0.7l7.6,9.3c0.5,0.6,0.5,1.4,0,2L3,21.3C2.6,21.7,2.2,21.9,1.7,21.9z\"\/>\n<\/svg>\n<\/span><\/a><\/div><\/div><div class=\"row bcblq-carrusel-contenido\"><div class=\"col\"><section class=\"bcblq-carrusel-container\"><div class=\"swiper\"><div class=\"custom-loader-wrapper\"><div class=\"custom-loader\"><\/div><\/div><div class=\"swiper-wrapper\"><div class=\"swiper-slide\"><div class=\"col\">\n\t<div class=\"bcblq--card bcblq--card_producto custom-new\">\n\t\t<a href=\"https:\/\/lasmuns.com\/ca\/carta\/empanades-ca\/todos\/bolets-camembert\/\">\t\t<figure\n\t\t\tclass=\"bcblq--card_imagen\"><img loading=\"lazy\" decoding=\"async\" width=\"768\" height=\"512\" src=\"https:\/\/lasmuns.com\/wp-content\/uploads\/2022\/06\/Fotos_Muns_SetasCamembert-768x512.png\" class=\"attachment-medium_large size-medium_large\" alt=\"las muns comida para llevar empanadas de colores take away setas camembert\" srcset=\"https:\/\/lasmuns.com\/wp-content\/uploads\/2022\/06\/Fotos_Muns_SetasCamembert-768x512.png 768w, https:\/\/lasmuns.com\/wp-content\/uploads\/2022\/06\/Fotos_Muns_SetasCamembert-300x200.png 300w, https:\/\/lasmuns.com\/wp-content\/uploads\/2022\/06\/Fotos_Muns_SetasCamembert-1024x682.png 1024w, https:\/\/lasmuns.com\/wp-content\/uploads\/2022\/06\/Fotos_Muns_SetasCamembert-1536x1024.png 1536w, https:\/\/lasmuns.com\/wp-content\/uploads\/2022\/06\/Fotos_Muns_SetasCamembert.png 1613w\" sizes=\"auto, (max-width: 768px) 100vw, 768px\" \/><\/figure>\n\n\t\t\n\t\t<div class=\"bcblq--card_detalle\">\n\t\t\t<div class=\"bcblq--card_label_boton bcblq__sin-precio\">\n\t\t\t\t<h5>Bolets Camembert<\/h5>\n\t\t\t<\/div>\n\t\t\t<div class=\"bcblq--card_descripcion\">Mix de bolets, formatge camembert fos, mozzarella, esp\u00e8cies arom\u00e0tiques i ciboulet. Una barreja de sabors i textures del bosc.<\/div>\n\t\t<\/div>\n\n\t\t<\/a>\t<\/div>\n<\/div>\n<\/div><div class=\"swiper-slide\"><div class=\"col\">\n\t<div class=\"bcblq--card bcblq--card_producto custom-new\">\n\t\t<a href=\"https:\/\/lasmuns.com\/ca\/carta\/empanades-ca\/todos\/formatge-de-cabra\/\">\t\t<figure\n\t\t\tclass=\"bcblq--card_imagen\"><img loading=\"lazy\" decoding=\"async\" width=\"768\" height=\"513\" src=\"https:\/\/lasmuns.com\/wp-content\/uploads\/2022\/06\/Fotos_Muns_CebollaCaramelizada-768x513.png\" class=\"attachment-medium_large size-medium_large\" alt=\"las muns comida para llevar empanadas de colores take away cebolla caramelizada queso de cabra\" srcset=\"https:\/\/lasmuns.com\/wp-content\/uploads\/2022\/06\/Fotos_Muns_CebollaCaramelizada-768x513.png 768w, https:\/\/lasmuns.com\/wp-content\/uploads\/2022\/06\/Fotos_Muns_CebollaCaramelizada-300x200.png 300w, https:\/\/lasmuns.com\/wp-content\/uploads\/2022\/06\/Fotos_Muns_CebollaCaramelizada-1024x684.png 1024w, https:\/\/lasmuns.com\/wp-content\/uploads\/2022\/06\/Fotos_Muns_CebollaCaramelizada-1536x1026.png 1536w, https:\/\/lasmuns.com\/wp-content\/uploads\/2022\/06\/Fotos_Muns_CebollaCaramelizada.png 1613w\" sizes=\"auto, (max-width: 768px) 100vw, 768px\" \/><\/figure>\n\n\t\t\n\t\t<div class=\"bcblq--card_detalle\">\n\t\t\t<div class=\"bcblq--card_label_boton bcblq__sin-precio\">\n\t\t\t\t<h5>Formatge de Cabra, Nous i Ceba\ufffc<\/h5>\n\t\t\t<\/div>\n\t\t\t<div class=\"bcblq--card_descripcion\">Cebes caramel\u00b7litzades en cocci\u00f3 lenta, formatge rulo de cabra 100% i trossos de nou que fan crunch. La combinaci\u00f3 perfecta!<\/div>\n\t\t<\/div>\n\n\t\t<\/a>\t<\/div>\n<\/div>\n<\/div><div class=\"swiper-slide\"><div class=\"col\">\n\t<div class=\"bcblq--card bcblq--card_producto custom-new\">\n\t\t<a href=\"https:\/\/lasmuns.com\/ca\/carta\/empanades-ca\/todos\/tomaquet-alfabrega-mozzarella\/\">\t\t<figure\n\t\t\tclass=\"bcblq--card_imagen\"><img loading=\"lazy\" decoding=\"async\" width=\"768\" height=\"513\" src=\"https:\/\/lasmuns.com\/wp-content\/uploads\/2022\/06\/Fotos_Muns_TomateAlbahaca-768x513.png\" class=\"attachment-medium_large size-medium_large\" alt=\"las muns comida para llevar empanadas de colores take away tomate albahaca\" srcset=\"https:\/\/lasmuns.com\/wp-content\/uploads\/2022\/06\/Fotos_Muns_TomateAlbahaca-768x513.png 768w, https:\/\/lasmuns.com\/wp-content\/uploads\/2022\/06\/Fotos_Muns_TomateAlbahaca-300x200.png 300w, https:\/\/lasmuns.com\/wp-content\/uploads\/2022\/06\/Fotos_Muns_TomateAlbahaca-1024x684.png 1024w, https:\/\/lasmuns.com\/wp-content\/uploads\/2022\/06\/Fotos_Muns_TomateAlbahaca-1536x1026.png 1536w, https:\/\/lasmuns.com\/wp-content\/uploads\/2022\/06\/Fotos_Muns_TomateAlbahaca.png 1613w\" sizes=\"auto, (max-width: 768px) 100vw, 768px\" \/><\/figure>\n\n\t\t\n\t\t<div class=\"bcblq--card_detalle\">\n\t\t\t<div class=\"bcblq--card_label_boton bcblq__sin-precio\">\n\t\t\t\t<h5>Tom\u00e0quet Alf\u00e0brega Mozzarella\ufffc<\/h5>\n\t\t\t<\/div>\n\t\t\t<div class=\"bcblq--card_descripcion\">Cubs de tom\u00e0quet, pesto d&#8217;alf\u00e0brega fet al nostre obrador, mozzarella 100% i oli d&#8217;oliva verge extra. Una explosi\u00f3 d&#8217;aroma i frescor!<\/div>\n\t\t<\/div>\n\n\t\t<\/a>\t<\/div>\n<\/div>\n<\/div><div class=\"swiper-slide\"><div class=\"col\">\n\t<div class=\"bcblq--card bcblq--card_producto custom-new\">\n\t\t<a href=\"https:\/\/lasmuns.com\/ca\/carta\/empanades-ca\/todos\/tomaquet-sec-provolone\/\">\t\t<figure\n\t\t\tclass=\"bcblq--card_imagen\"><img loading=\"lazy\" decoding=\"async\" width=\"768\" height=\"513\" src=\"https:\/\/lasmuns.com\/wp-content\/uploads\/2022\/06\/Fotos_Muns_TomateSecoProvolone-768x513.png\" class=\"attachment-medium_large size-medium_large\" alt=\"las muns comida para llevar empanadas de colores take away tomate seco provolone\" srcset=\"https:\/\/lasmuns.com\/wp-content\/uploads\/2022\/06\/Fotos_Muns_TomateSecoProvolone-768x513.png 768w, https:\/\/lasmuns.com\/wp-content\/uploads\/2022\/06\/Fotos_Muns_TomateSecoProvolone-300x200.png 300w, https:\/\/lasmuns.com\/wp-content\/uploads\/2022\/06\/Fotos_Muns_TomateSecoProvolone-1024x684.png 1024w, https:\/\/lasmuns.com\/wp-content\/uploads\/2022\/06\/Fotos_Muns_TomateSecoProvolone-1536x1026.png 1536w, https:\/\/lasmuns.com\/wp-content\/uploads\/2022\/06\/Fotos_Muns_TomateSecoProvolone.png 1613w\" sizes=\"auto, (max-width: 768px) 100vw, 768px\" \/><\/figure>\n\n\t\t\n\t\t<div class=\"bcblq--card_detalle\">\n\t\t\t<div class=\"bcblq--card_label_boton bcblq__sin-precio\">\n\t\t\t\t<h5>Tom\u00e0quet Sec Provolone<\/h5>\n\t\t\t<\/div>\n\t\t\t<div class=\"bcblq--card_descripcion\">Tom\u00e0quets semisecs italians, provolone D.O.P., mozzarella 100% i orenga. El sabor de la bella It\u00e0lia.<\/div>\n\t\t<\/div>\n\n\t\t<\/a>\t<\/div>\n<\/div>\n<\/div><div class=\"swiper-slide\"><div class=\"col\">\n\t<div class=\"bcblq--card bcblq--card_producto custom-new\">\n\t\t<a href=\"https:\/\/lasmuns.com\/ca\/carta\/empanades-ca\/todos\/olivada-mozzarella\/\">\t\t<figure\n\t\t\tclass=\"bcblq--card_imagen\"><img loading=\"lazy\" decoding=\"async\" width=\"768\" height=\"512\" src=\"https:\/\/lasmuns.com\/wp-content\/uploads\/2022\/06\/Fotos_Muns_MozzarellaOlivada-768x512.png\" class=\"attachment-medium_large size-medium_large\" alt=\"las muns comida para llevar empanadas de colores take away olivada mozzarella\" srcset=\"https:\/\/lasmuns.com\/wp-content\/uploads\/2022\/06\/Fotos_Muns_MozzarellaOlivada-768x512.png 768w, https:\/\/lasmuns.com\/wp-content\/uploads\/2022\/06\/Fotos_Muns_MozzarellaOlivada-300x200.png 300w, https:\/\/lasmuns.com\/wp-content\/uploads\/2022\/06\/Fotos_Muns_MozzarellaOlivada-1024x683.png 1024w, https:\/\/lasmuns.com\/wp-content\/uploads\/2022\/06\/Fotos_Muns_MozzarellaOlivada-1536x1025.png 1536w, https:\/\/lasmuns.com\/wp-content\/uploads\/2022\/06\/Fotos_Muns_MozzarellaOlivada.png 1613w\" sizes=\"auto, (max-width: 768px) 100vw, 768px\" \/><\/figure>\n\n\t\t\n\t\t<div class=\"bcblq--card_detalle\">\n\t\t\t<div class=\"bcblq--card_label_boton bcblq__sin-precio\">\n\t\t\t\t<h5>Olivada Mozzarella<\/h5>\n\t\t\t<\/div>\n\t\t\t<div class=\"bcblq--card_descripcion\">Trossos d&#8217;olives verdes del Mediterrani, mozzarella fosa i ou cuit. Una barreja addictiva amb oli d&#8217;oliva verge extra!<\/div>\n\t\t<\/div>\n\n\t\t<\/a>\t<\/div>\n<\/div>\n<\/div><\/div><\/div><div class=\"swiper-arrows-wrapper bottom-mobile\"><div class=\"swiper-button swiper-button-prev\"><?xml version=\"1.0\" encoding=\"utf-8\"?>\n<!-- Generator: Adobe Illustrator 22.1.0, SVG Export Plug-In . SVG Version: 6.00 Build 0)  -->\n<svg version=\"1.1\" baseProfile=\"basic\" id=\"Layer_1\"\n\t xmlns=\"http:\/\/www.w3.org\/2000\/svg\" xmlns:xlink=\"http:\/\/www.w3.org\/1999\/xlink\" x=\"0px\" y=\"0px\" viewBox=\"0 0 11 22\"\n\t xml:space=\"preserve\">\n<path fill=\"#494240\" d=\"M9.3,0.1c0.4,0,0.7,0.1,1,0.4C11,1,11.1,2,10.5,2.7L3.8,11l6.8,8.3c0.6,0.7,0.5,1.7-0.2,2.3C9.6,22.1,8.6,22,8,21.3L0.5,12c-0.5-0.6-0.5-1.4,0-2L8,0.7C8.4,0.3,8.8,0.1,9.3,0.1z\"\/>\n<\/svg>\n<\/div><div class=\"swiper-button swiper-button-next\"><svg version=\"1.1\" baseProfile=\"basic\" id=\"Layer_1\"\n\t xmlns=\"http:\/\/www.w3.org\/2000\/svg\" xmlns:xlink=\"http:\/\/www.w3.org\/1999\/xlink\" x=\"0px\" y=\"0px\" viewBox=\"0 0 11 22\"\n\t xml:space=\"preserve\">\n<path fill=\"#494240\" d=\"M1.7,21.9c-0.4,0-0.7-0.1-1-0.4C0,21-0.1,20,0.5,19.3L7.2,11L0.5,2.7C-0.1,2,0,1,0.7,0.4C1.4-0.1,2.4,0,3,0.7l7.6,9.3c0.5,0.6,0.5,1.4,0,2L3,21.3C2.6,21.7,2.2,21.9,1.7,21.9z\"\/>\n<\/svg>\n<\/div><\/div><\/section><\/div><\/div><\/div><\/div><!-- \/template -->","protected":false},"excerpt":{"rendered":"<p>Fulles fresques d&#8217;espinacs, cebes daurades i una cremosa betxamel amb formatge emmental. El sabor de la inf\u00e0ncia.<\/p>\n","protected":false},"featured_media":0,"menu_order":4,"template":"","tipos":[85],"class_list":["post-3176","productos","type-productos","status-publish","hentry","tipos-empanades-ca"],"acf":[],"yoast_head":"<!-- This site is optimized with the Yoast SEO plugin v26.3 - https:\/\/yoast.com\/wordpress\/plugins\/seo\/ -->\n<title>Espinacs Emmental\ufffc - Las Muns<\/title>\n<meta name=\"robots\" content=\"index, follow, max-snippet:-1, max-image-preview:large, max-video-preview:-1\" \/>\n<link rel=\"canonical\" href=\"https:\/\/lasmuns.com\/ca\/carta\/empanades-ca\/todos\/espinacs-emmental\/\" \/>\n<meta property=\"og:locale\" content=\"ca_ES\" \/>\n<meta property=\"og:type\" content=\"article\" \/>\n<meta property=\"og:title\" content=\"Espinacs Emmental\ufffc - Las Muns\" \/>\n<meta property=\"og:description\" content=\"Fulles fresques d&#039;espinacs, cebes daurades i una cremosa betxamel amb formatge emmental. El sabor de la inf\u00e0ncia.\" \/>\n<meta property=\"og:url\" content=\"https:\/\/lasmuns.com\/ca\/carta\/empanades-ca\/todos\/espinacs-emmental\/\" \/>\n<meta property=\"og:site_name\" content=\"Las Muns\" \/>\n<meta property=\"article:modified_time\" content=\"2026-02-16T13:19:02+00:00\" \/>\n<meta name=\"twitter:card\" content=\"summary_large_image\" \/>\n<script type=\"application\/ld+json\" class=\"yoast-schema-graph\">{\"@context\":\"https:\/\/schema.org\",\"@graph\":[{\"@type\":\"WebPage\",\"@id\":\"https:\/\/lasmuns.com\/ca\/carta\/empanades-ca\/todos\/espinacs-emmental\/\",\"url\":\"https:\/\/lasmuns.com\/ca\/carta\/empanades-ca\/todos\/espinacs-emmental\/\",\"name\":\"Espinacs Emmental\ufffc - Las Muns\",\"isPartOf\":{\"@id\":\"https:\/\/lasmuns.com\/ca\/#website\"},\"datePublished\":\"2022-06-28T05:54:22+00:00\",\"dateModified\":\"2026-02-16T13:19:02+00:00\",\"breadcrumb\":{\"@id\":\"https:\/\/lasmuns.com\/ca\/carta\/empanades-ca\/todos\/espinacs-emmental\/#breadcrumb\"},\"inLanguage\":\"ca\",\"potentialAction\":[{\"@type\":\"ReadAction\",\"target\":[\"https:\/\/lasmuns.com\/ca\/carta\/empanades-ca\/todos\/espinacs-emmental\/\"]}]},{\"@type\":\"BreadcrumbList\",\"@id\":\"https:\/\/lasmuns.com\/ca\/carta\/empanades-ca\/todos\/espinacs-emmental\/#breadcrumb\",\"itemListElement\":[{\"@type\":\"ListItem\",\"position\":1,\"name\":\"Portada\",\"item\":\"https:\/\/lasmuns.com\/ca\/pagina-ejemplo\/\"},{\"@type\":\"ListItem\",\"position\":2,\"name\":\"Productos\",\"item\":\"https:\/\/lasmuns.com\/ca\/carta\/%tipo%\/%subtipo%\/\"},{\"@type\":\"ListItem\",\"position\":3,\"name\":\"Espinacs Emmental\ufffc\"}]},{\"@type\":\"WebSite\",\"@id\":\"https:\/\/lasmuns.com\/ca\/#website\",\"url\":\"https:\/\/lasmuns.com\/ca\/\",\"name\":\"Las Muns\",\"description\":\"The &#039;Heart-Made&#039; Empanada\",\"publisher\":{\"@id\":\"https:\/\/lasmuns.com\/ca\/#organization\"},\"potentialAction\":[{\"@type\":\"SearchAction\",\"target\":{\"@type\":\"EntryPoint\",\"urlTemplate\":\"https:\/\/lasmuns.com\/ca\/?s={search_term_string}\"},\"query-input\":{\"@type\":\"PropertyValueSpecification\",\"valueRequired\":true,\"valueName\":\"search_term_string\"}}],\"inLanguage\":\"ca\"},{\"@type\":\"Organization\",\"@id\":\"https:\/\/lasmuns.com\/ca\/#organization\",\"name\":\"Las Muns\",\"url\":\"https:\/\/lasmuns.com\/ca\/\",\"logo\":{\"@type\":\"ImageObject\",\"inLanguage\":\"ca\",\"@id\":\"https:\/\/lasmuns.com\/ca\/#\/schema\/logo\/image\/\",\"url\":\"https:\/\/lasmuns.com\/wp-content\/uploads\/2022\/06\/isologo-slogan2.svg\",\"contentUrl\":\"https:\/\/lasmuns.com\/wp-content\/uploads\/2022\/06\/isologo-slogan2.svg\",\"width\":\"1024\",\"height\":\"1024\",\"caption\":\"Las Muns\"},\"image\":{\"@id\":\"https:\/\/lasmuns.com\/ca\/#\/schema\/logo\/image\/\"},\"sameAs\":[\"https:\/\/www.instagram.com\/lasmuns\"]}]}<\/script>\n<!-- \/ Yoast SEO plugin. -->","yoast_head_json":{"title":"Espinacs Emmental\ufffc - Las Muns","robots":{"index":"index","follow":"follow","max-snippet":"max-snippet:-1","max-image-preview":"max-image-preview:large","max-video-preview":"max-video-preview:-1"},"canonical":"https:\/\/lasmuns.com\/ca\/carta\/empanades-ca\/todos\/espinacs-emmental\/","og_locale":"ca_ES","og_type":"article","og_title":"Espinacs Emmental\ufffc - Las Muns","og_description":"Fulles fresques d'espinacs, cebes daurades i una cremosa betxamel amb formatge emmental. El sabor de la inf\u00e0ncia.","og_url":"https:\/\/lasmuns.com\/ca\/carta\/empanades-ca\/todos\/espinacs-emmental\/","og_site_name":"Las Muns","article_modified_time":"2026-02-16T13:19:02+00:00","twitter_card":"summary_large_image","schema":{"@context":"https:\/\/schema.org","@graph":[{"@type":"WebPage","@id":"https:\/\/lasmuns.com\/ca\/carta\/empanades-ca\/todos\/espinacs-emmental\/","url":"https:\/\/lasmuns.com\/ca\/carta\/empanades-ca\/todos\/espinacs-emmental\/","name":"Espinacs Emmental\ufffc - Las Muns","isPartOf":{"@id":"https:\/\/lasmuns.com\/ca\/#website"},"datePublished":"2022-06-28T05:54:22+00:00","dateModified":"2026-02-16T13:19:02+00:00","breadcrumb":{"@id":"https:\/\/lasmuns.com\/ca\/carta\/empanades-ca\/todos\/espinacs-emmental\/#breadcrumb"},"inLanguage":"ca","potentialAction":[{"@type":"ReadAction","target":["https:\/\/lasmuns.com\/ca\/carta\/empanades-ca\/todos\/espinacs-emmental\/"]}]},{"@type":"BreadcrumbList","@id":"https:\/\/lasmuns.com\/ca\/carta\/empanades-ca\/todos\/espinacs-emmental\/#breadcrumb","itemListElement":[{"@type":"ListItem","position":1,"name":"Portada","item":"https:\/\/lasmuns.com\/ca\/pagina-ejemplo\/"},{"@type":"ListItem","position":2,"name":"Productos","item":"https:\/\/lasmuns.com\/ca\/carta\/%tipo%\/%subtipo%\/"},{"@type":"ListItem","position":3,"name":"Espinacs Emmental\ufffc"}]},{"@type":"WebSite","@id":"https:\/\/lasmuns.com\/ca\/#website","url":"https:\/\/lasmuns.com\/ca\/","name":"Las Muns","description":"The &#039;Heart-Made&#039; Empanada","publisher":{"@id":"https:\/\/lasmuns.com\/ca\/#organization"},"potentialAction":[{"@type":"SearchAction","target":{"@type":"EntryPoint","urlTemplate":"https:\/\/lasmuns.com\/ca\/?s={search_term_string}"},"query-input":{"@type":"PropertyValueSpecification","valueRequired":true,"valueName":"search_term_string"}}],"inLanguage":"ca"},{"@type":"Organization","@id":"https:\/\/lasmuns.com\/ca\/#organization","name":"Las Muns","url":"https:\/\/lasmuns.com\/ca\/","logo":{"@type":"ImageObject","inLanguage":"ca","@id":"https:\/\/lasmuns.com\/ca\/#\/schema\/logo\/image\/","url":"https:\/\/lasmuns.com\/wp-content\/uploads\/2022\/06\/isologo-slogan2.svg","contentUrl":"https:\/\/lasmuns.com\/wp-content\/uploads\/2022\/06\/isologo-slogan2.svg","width":"1024","height":"1024","caption":"Las Muns"},"image":{"@id":"https:\/\/lasmuns.com\/ca\/#\/schema\/logo\/image\/"},"sameAs":["https:\/\/www.instagram.com\/lasmuns"]}]}},"_links":{"self":[{"href":"https:\/\/lasmuns.com\/ca\/wp-json\/wp\/v2\/productos\/3176","targetHints":{"allow":["GET"]}}],"collection":[{"href":"https:\/\/lasmuns.com\/ca\/wp-json\/wp\/v2\/productos"}],"about":[{"href":"https:\/\/lasmuns.com\/ca\/wp-json\/wp\/v2\/types\/productos"}],"wp:attachment":[{"href":"https:\/\/lasmuns.com\/ca\/wp-json\/wp\/v2\/media?parent=3176"}],"wp:term":[{"taxonomy":"tipos","embeddable":true,"href":"https:\/\/lasmuns.com\/ca\/wp-json\/wp\/v2\/tipos?post=3176"}],"curies":[{"name":"wp","href":"https:\/\/api.w.org\/{rel}","templated":true}]}}